{"id":12450,"date":"2014-02-19T23:37:59","date_gmt":"2014-02-19T20:37:59","guid":{"rendered":"https:\/\/editura-unibuc.ro\/?p=12450"},"modified":"2015-03-13T01:46:54","modified_gmt":"2015-03-12T23:46:54","slug":"ficciones-de-la-identidad-finales-del-medioevo-hispanico","status":"publish","type":"product","link":"https:\/\/editura-unibuc.ro\/en\/ficciones-de-la-identidad-finales-del-medioevo-hispanico\/","title":{"rendered":"FICTIONS OF IDENTITY AT THE END OF HISPANIC MIDDLE AGE"},"content":{"rendered":"<p>\u201eC\u0103ci pe Justi\u021bie se \u00eentemeiaz\u0103 Tronul, iar lipsa Justi\u021biei \u00eel duce la pieire. Ea vindec\u0103 r\u0103nile popoarelor, pune cap\u0103t revoltelor, alin\u0103 cugetele disperate, \u00eentroneaz\u0103 pacea \u0219i se opune r\u0103zboiului, \u00eei acoper\u0103 de glorie pe regi \u0219i, \u00eenainte de toate, aduce slav\u0103 \u0219i \u00eenchinare lui Dumnezeu, \u00een ochii c\u0103ruia nu se afl\u0103 prinos \u0219i jertf\u0103 mai minunate dec\u00e2t Justi\u021bia, cea care \u021bine laolalt\u0103 cerul \u0219i p\u0103m\u00e2ntul, \u0219i pe cele ale lumii de sus unite cu cele de jos. Iar acolo unde nu domne\u0219te Justi\u021bia, regatul cel mai puternic nu este dec\u00e2t o mare \u00een\u0219el\u0103torie, dup\u0103 cum spune chiar Sf\u00e2ntul Augustin, care arat\u0103 c\u0103 nu poate s\u0103 existe \u021beluri comune \u00een lipsa Justi\u021biei.\u201d<\/p>\n<p>(Pedro de Ribadeneyra, <em>Tratat despre religie \u0219i virtu\u021bi<\/em>, 1595)<\/p>","protected":false},"excerpt":{"rendered":"<p>\u201eC\u0103ci pe Justi\u021bie se \u00eentemeiaz\u0103 Tronul, iar lipsa Justi\u021biei \u00eel duce la pieire. Ea vindec\u0103 r\u0103nile popoarelor, pune cap\u0103t revoltelor, alin\u0103 cugetele disperate, \u00eentroneaz\u0103 pacea \u0219i se opune r\u0103zboiului, \u00eei acoper\u0103 de glorie pe regi \u0219i, \u00eenainte de toate, aduce slav\u0103 \u0219i \u00eenchinare lui Dumnezeu, \u00een ochii c\u0103ruia nu se afl\u0103 prinos \u0219i jertf\u0103 mai [&hellip;]<\/p>\n","protected":false},"featured_media":12451,"comment_status":"open","ping_status":"closed","template":"","meta":[],"product_brand":[],"product_cat":[855],"product_tag":[879,880],"class_list":{"0":"post-12450","1":"product","2":"type-product","3":"status-publish","4":"has-post-thumbnail","6":"product_cat-colectia-imago-mundi","7":"product_tag-fictiune","8":"product_tag-spaniola","10":"first","11":"instock","12":"shipping-taxable","13":"purchasable","14":"product-type-simple"},"_links":{"self":[{"href":"https:\/\/editura-unibuc.ro\/en\/wp-json\/wp\/v2\/product\/12450","targetHints":{"allow":["GET"]}}],"collection":[{"href":"https:\/\/editura-unibuc.ro\/en\/wp-json\/wp\/v2\/product"}],"about":[{"href":"https:\/\/editura-unibuc.ro\/en\/wp-json\/wp\/v2\/types\/product"}],"replies":[{"embeddable":true,"href":"https:\/\/editura-unibuc.ro\/en\/wp-json\/wp\/v2\/comments?post=12450"}],"wp:featuredmedia":[{"embeddable":true,"href":"https:\/\/editura-unibuc.ro\/en\/wp-json\/wp\/v2\/media\/12451"}],"wp:attachment":[{"href":"https:\/\/editura-unibuc.ro\/en\/wp-json\/wp\/v2\/media?parent=12450"}],"wp:term":[{"taxonomy":"product_brand","embeddable":true,"href":"https:\/\/editura-unibuc.ro\/en\/wp-json\/wp\/v2\/product_brand?post=12450"},{"taxonomy":"product_cat","embeddable":true,"href":"https:\/\/editura-unibuc.ro\/en\/wp-json\/wp\/v2\/product_cat?post=12450"},{"taxonomy":"product_tag","embeddable":true,"href":"https:\/\/editura-unibuc.ro\/en\/wp-json\/wp\/v2\/product_tag?post=12450"}],"curies":[{"name":"wp","href":"https:\/\/api.w.org\/{rel}","templated":true}]}}