{"id":1707,"date":"2012-09-07T12:06:16","date_gmt":"2012-09-07T09:06:16","guid":{"rendered":"https:\/\/editura-unibuc.ro\/?p=1707"},"modified":"2023-10-03T08:44:45","modified_gmt":"2023-10-03T05:44:45","slug":"omagiu-lui-victor-vascenco","status":"publish","type":"product","link":"https:\/\/editura-unibuc.ro\/en\/omagiu-lui-victor-vascenco\/","title":{"rendered":"HOMAGE TO VICTOR VASCENCO"},"content":{"rendered":"<p>Victor Vascenco este un reputat lingvist rom\u00e2n, specialist \u00een domeniul lingvisticii slave (gramatic\u0103 istoric\u0103, lexicografie, dialectologie, etimologie, antroponimie), al terminologiei lingvistice \u0219i rela\u021biilor lingvistice rom\u00e2no-slave, doctor \u00een filologie (Leningrad, 1958), doctor docent \u00een \u0219tiin\u021be filologice (Bucure\u0219ti, 1975) \u0219i doctor \u00een filosofie (Stuttgart, 1988), profesor onorific al Universit\u0103\u021bii din Bucure\u0219ti, academician \u0219i membru titular al Academiei Interna\u021bionale de \u0218tiin\u021be a \u00cenv\u0103\u021b\u0103m\u00e2ntului Superior (Moscova, 1998).<\/p>\n<p>Personalitate extrem de activ\u0103 \u00een lumea \u0219tiin\u021bific\u0103, na\u021bional\u0103 \u0219i interna\u021bional\u0103, Victor Vascenco este, \u00een prezent, un neobosit cercet\u0103tor \u0219tiin\u021bific, deschiz\u0103tor de drumuri noi pentru cercetarea teoretic\u0103 \u0219i aplicat\u0103 slavo-rom\u00e2n\u0103. Rod al preocup\u0103rilor sale de lingvistic\u0103 etnologic\u0103, cele dou\u0103 volume consacrate studiului lipovenilor \u0219i credincio\u0219ilor de rit vechi din Rom\u00e2nia \u0219i America l-au conturat, de asemenea, ca reputat specialist \u0219i \u00een acest domeniu.<\/p>\n<p>Volumul de fa\u021b\u0103 este un omagiu adus de colegii \u0219i prietenii din \u021bar\u0103 \u0219i din str\u0103in\u0103tate celui care este un model de profesor \u0219i om de \u0219tiin\u021b\u0103.<\/p>\n","protected":false},"excerpt":{"rendered":"<p>Victor Vascenco este un reputat lingvist rom\u00e2n, specialist \u00een domeniul lingvisticii slave (gramatic\u0103 istoric\u0103, lexicografie, dialectologie, etimologie, antroponimie), al terminologiei lingvistice \u0219i rela\u021biilor lingvistice rom\u00e2no-slave, doctor \u00een filologie (Leningrad, 1958), doctor docent \u00een \u0219tiin\u021be filologice (Bucure\u0219ti, 1975) \u0219i doctor \u00een filosofie (Stuttgart, 1988), profesor onorific al Universit\u0103\u021bii din Bucure\u0219ti, academician \u0219i membru titular al Academiei [&hellip;]<\/p>\n","protected":false},"featured_media":11089,"comment_status":"open","ping_status":"closed","template":"","meta":[],"product_brand":[],"product_cat":[1531,2509,1464,981],"product_tag":[922],"class_list":{"0":"post-1707","1":"product","2":"type-product","3":"status-publish","4":"has-post-thumbnail","6":"product_cat-colectii","7":"product_cat-personalitati-ale-universitatii-din-bucuresti","8":"product_cat-filologie","9":"product_cat-limbi-slave","10":"product_tag-slave","12":"first","13":"outofstock","14":"shipping-taxable","15":"purchasable","16":"product-type-simple"},"_links":{"self":[{"href":"https:\/\/editura-unibuc.ro\/en\/wp-json\/wp\/v2\/product\/1707","targetHints":{"allow":["GET"]}}],"collection":[{"href":"https:\/\/editura-unibuc.ro\/en\/wp-json\/wp\/v2\/product"}],"about":[{"href":"https:\/\/editura-unibuc.ro\/en\/wp-json\/wp\/v2\/types\/product"}],"replies":[{"embeddable":true,"href":"https:\/\/editura-unibuc.ro\/en\/wp-json\/wp\/v2\/comments?post=1707"}],"wp:featuredmedia":[{"embeddable":true,"href":"https:\/\/editura-unibuc.ro\/en\/wp-json\/wp\/v2\/media\/11089"}],"wp:attachment":[{"href":"https:\/\/editura-unibuc.ro\/en\/wp-json\/wp\/v2\/media?parent=1707"}],"wp:term":[{"taxonomy":"product_brand","embeddable":true,"href":"https:\/\/editura-unibuc.ro\/en\/wp-json\/wp\/v2\/product_brand?post=1707"},{"taxonomy":"product_cat","embeddable":true,"href":"https:\/\/editura-unibuc.ro\/en\/wp-json\/wp\/v2\/product_cat?post=1707"},{"taxonomy":"product_tag","embeddable":true,"href":"https:\/\/editura-unibuc.ro\/en\/wp-json\/wp\/v2\/product_tag?post=1707"}],"curies":[{"name":"wp","href":"https:\/\/api.w.org\/{rel}","templated":true}]}}