{"id":18113,"date":"2017-02-22T10:40:35","date_gmt":"2017-02-22T08:40:35","guid":{"rendered":"https:\/\/editura-unibuc.ro\/?post_type=product&#038;p=18113"},"modified":"2025-06-23T08:58:55","modified_gmt":"2025-06-23T05:58:55","slug":"lumea-dinauntru-si-lumea-din-afara-ed-a-ii-a-revazuta","status":"publish","type":"product","link":"https:\/\/editura-unibuc.ro\/en\/lumea-dinauntru-si-lumea-din-afara-ed-a-ii-a-revazuta\/","title":{"rendered":"LUMEA DIN\u0102UNTRU \u015eI LUMEA DIN AFAR\u0102. Ed. a II-a, rev\u0103zut\u0103"},"content":{"rendered":"<p>Cele 49 de texte ale volumului de fa\u0163\u0103 au fost selectate de Prof. univ. dr. Lauren\u0163iu Vlad \u015fi con\u0163in articole, interviuri si note de lectur\u0103 ale prof. dr. Alexandru Du\u0163u.<\/p>\n<p>Textele sunt grupate \u00een \u015fapte sec\u0163iuni distincte care reproduc \u00een parte parcursurile biografice (C\u0103l\u0103toria prin vremuri \u015fi lumi apuse), intelectuale (Mentalitatea \u015fi stereotipurile, Imaginarul \u015fi civiliza\u0163ia corpului, Tradi\u0163ia istoric\u0103 \u015fi memoria cultural\u0103, Politica \u015fi societatea, Identitatea rom\u00e2neasc\u0103 \u015fi identitatea european\u0103) sau de suflet (Lumea din\u0103untru \u015fi lumea din afar\u0103) ale profesorului Du\u0163u. Sunt astfel acoperite toate domeniile de cercetare ale autorului, de la studiile bibliografice, p\u00e2n\u0103 la cele imagologice, de literatur\u0103 comparat\u0103, de istorie a ideilor, a culturii \u015fi a mentalit\u0103\u0163ilor.<\/p>\n","protected":false},"excerpt":{"rendered":"<p>Cele 49 de texte ale volumului de fa\u0163\u0103 au fost selectate de Prof. univ. dr. Lauren\u0163iu Vlad \u015fi con\u0163in articole, interviuri si note de lectur\u0103 ale prof. dr. Alexandru Du\u0163u. Textele sunt grupate \u00een \u015fapte sec\u0163iuni distincte care reproduc \u00een parte parcursurile biografice (C\u0103l\u0103toria prin vremuri \u015fi lumi apuse), intelectuale (Mentalitatea \u015fi stereotipurile, Imaginarul \u015fi [&hellip;]<\/p>\n","protected":false},"featured_media":18114,"comment_status":"open","ping_status":"closed","template":"","meta":[],"product_brand":[],"product_cat":[991,999],"product_tag":[2504,1426,1067,1726,2505,1021],"class_list":{"0":"post-18113","1":"product","2":"type-product","3":"status-publish","4":"has-post-thumbnail","6":"product_cat-stiinte-sociale","7":"product_cat-teologie","8":"product_tag-alexandru-dutu","9":"product_tag-identitate","10":"product_tag-religie","11":"product_tag-romanism","12":"product_tag-spiritualitate","13":"product_tag-teologie","15":"first","16":"outofstock","17":"shipping-taxable","18":"purchasable","19":"product-type-simple"},"_links":{"self":[{"href":"https:\/\/editura-unibuc.ro\/en\/wp-json\/wp\/v2\/product\/18113","targetHints":{"allow":["GET"]}}],"collection":[{"href":"https:\/\/editura-unibuc.ro\/en\/wp-json\/wp\/v2\/product"}],"about":[{"href":"https:\/\/editura-unibuc.ro\/en\/wp-json\/wp\/v2\/types\/product"}],"replies":[{"embeddable":true,"href":"https:\/\/editura-unibuc.ro\/en\/wp-json\/wp\/v2\/comments?post=18113"}],"wp:featuredmedia":[{"embeddable":true,"href":"https:\/\/editura-unibuc.ro\/en\/wp-json\/wp\/v2\/media\/18114"}],"wp:attachment":[{"href":"https:\/\/editura-unibuc.ro\/en\/wp-json\/wp\/v2\/media?parent=18113"}],"wp:term":[{"taxonomy":"product_brand","embeddable":true,"href":"https:\/\/editura-unibuc.ro\/en\/wp-json\/wp\/v2\/product_brand?post=18113"},{"taxonomy":"product_cat","embeddable":true,"href":"https:\/\/editura-unibuc.ro\/en\/wp-json\/wp\/v2\/product_cat?post=18113"},{"taxonomy":"product_tag","embeddable":true,"href":"https:\/\/editura-unibuc.ro\/en\/wp-json\/wp\/v2\/product_tag?post=18113"}],"curies":[{"name":"wp","href":"https:\/\/api.w.org\/{rel}","templated":true}]}}