{"id":1857,"date":"2012-09-10T16:00:48","date_gmt":"2012-09-10T13:00:48","guid":{"rendered":"https:\/\/editura-unibuc.ro\/?p=1857"},"modified":"2025-08-06T14:06:32","modified_gmt":"2025-08-06T11:06:32","slug":"istoria-literaturii-sarbe-realismul","status":"publish","type":"product","link":"https:\/\/editura-unibuc.ro\/en\/istoria-literaturii-sarbe-realismul\/","title":{"rendered":"HISTORY OF SERBIAN LITERATURE. REALISM"},"content":{"rendered":"<p>\u201ePreg\u0103tind materialul \u00een vederea public\u0103rii, am urm\u0103rit s\u0103 complet\u0103m \u0219i s\u0103 sistematiz\u0103m expunerea, f\u0103c\u00e2nd-o util\u0103 unui cerc c\u00e2t mai larg de cititori. Lucrarea se adreseaz\u0103, cum e \u0219i firesc, \u00een primul r\u00e2nd studen\u021bilor de la sec\u021bia de filologie s\u00e2rb\u0103, dar poate fi utilizat\u0103 cu succes de c\u0103tre profesorii din \u00eenv\u0103\u021b\u0103m\u00e2ntul preuniversitar, precum \u0219i de to\u021bi vorbitorii de limb\u0103 s\u00e2rb\u0103, interesa\u021bi de fenomenul literar s\u00e2rb.<\/p>\n<p>Cursul reprezint\u0103 nu numai o sintez\u0103 a celor mai importante \u0219i mai noi studii de specialitate (monografii, studii de critic\u0103 \u0219i teorie literar\u0103), ci \u0219i o interpretare nou\u0103 de texte ilustrative, bazat\u0103 pe o cercetare proprie\u201d. (Autoarea)<\/p>\n","protected":false},"excerpt":{"rendered":"<p>\u201ePreg\u0103tind materialul \u00een vederea public\u0103rii, am urm\u0103rit s\u0103 complet\u0103m \u0219i s\u0103 sistematiz\u0103m expunerea, f\u0103c\u00e2nd-o util\u0103 unui cerc c\u00e2t mai larg de cititori. Lucrarea se adreseaz\u0103, cum e \u0219i firesc, \u00een primul r\u00e2nd studen\u021bilor de la sec\u021bia de filologie s\u00e2rb\u0103, dar poate fi utilizat\u0103 cu succes de c\u0103tre profesorii din \u00eenv\u0103\u021b\u0103m\u00e2ntul preuniversitar, precum \u0219i de to\u021bi [&hellip;]<\/p>\n","protected":false},"featured_media":11001,"comment_status":"open","ping_status":"closed","template":"","meta":[],"product_brand":[],"product_cat":[856],"product_tag":[919,948,947],"class_list":{"0":"post-1857","1":"product","2":"type-product","3":"status-publish","4":"has-post-thumbnail","6":"product_cat-colectia-lci-limbi-culturi-identitati","7":"product_tag-literatura","8":"product_tag-realism","9":"product_tag-sarba","11":"first","12":"outofstock","13":"shipping-taxable","14":"purchasable","15":"product-type-simple"},"_links":{"self":[{"href":"https:\/\/editura-unibuc.ro\/en\/wp-json\/wp\/v2\/product\/1857","targetHints":{"allow":["GET"]}}],"collection":[{"href":"https:\/\/editura-unibuc.ro\/en\/wp-json\/wp\/v2\/product"}],"about":[{"href":"https:\/\/editura-unibuc.ro\/en\/wp-json\/wp\/v2\/types\/product"}],"replies":[{"embeddable":true,"href":"https:\/\/editura-unibuc.ro\/en\/wp-json\/wp\/v2\/comments?post=1857"}],"wp:featuredmedia":[{"embeddable":true,"href":"https:\/\/editura-unibuc.ro\/en\/wp-json\/wp\/v2\/media\/11001"}],"wp:attachment":[{"href":"https:\/\/editura-unibuc.ro\/en\/wp-json\/wp\/v2\/media?parent=1857"}],"wp:term":[{"taxonomy":"product_brand","embeddable":true,"href":"https:\/\/editura-unibuc.ro\/en\/wp-json\/wp\/v2\/product_brand?post=1857"},{"taxonomy":"product_cat","embeddable":true,"href":"https:\/\/editura-unibuc.ro\/en\/wp-json\/wp\/v2\/product_cat?post=1857"},{"taxonomy":"product_tag","embeddable":true,"href":"https:\/\/editura-unibuc.ro\/en\/wp-json\/wp\/v2\/product_tag?post=1857"}],"curies":[{"name":"wp","href":"https:\/\/api.w.org\/{rel}","templated":true}]}}