{"id":1893,"date":"2012-09-11T09:29:48","date_gmt":"2012-09-11T06:29:48","guid":{"rendered":"https:\/\/editura-unibuc.ro\/?p=1893"},"modified":"2017-06-12T13:24:13","modified_gmt":"2017-06-12T10:24:13","slug":"de-la-renaissance-a-lage-romantique-regards-sur-trois-siecles-de-litterature-francaise","status":"publish","type":"product","link":"https:\/\/editura-unibuc.ro\/en\/de-la-renaissance-a-lage-romantique-regards-sur-trois-siecles-de-litterature-francaise\/","title":{"rendered":"FROM RENAISSANCE TO ROMANTIC AGE. A GLANCE AT THREE CENTURIES OF FRENCH LITERATURE"},"content":{"rendered":"<p>\u00cen lucrarea ,,De la Renaissance&#8230;.\u201d, autoarea, conf. dr. Ileana Mih\u0103il\u0103, reune\u0219te 17 studii \u0219i articole, cele mai multe publicate, \u00eentre 1984 \u0219i 2009, \u00een volumele unor colocvii na\u021bionale sau interna\u021bionale. Este vorba de studii \u0219i articole consacrate fie analizei unor aspecte din opere literare, fie unor scriitori francezi de prim rang, fie unor curente majore din literatura \u0219i cultura francez\u0103 a secolelor XVI-XVIII. Diversitatea \u0219i complexitatea pe care o presupun textele corpusului \u0219i axele tematice investigate nu o \u00eempiedic\u0103 pe autoare s\u0103 conceap\u0103 un proiect structurat, ale c\u0103rui p\u0103r\u021bi \u2013 de la \u201eRainaissance au Baroque\u201d \u0219i \u201eLumi\u00e9res et Romantisme\u201d \u2013 sunt delimitate \u00een func\u021bie de concepte culturale fixate de exegez\u0103.<\/p>\n","protected":false},"excerpt":{"rendered":"<p>\u00cen lucrarea ,,De la Renaissance&#8230;.\u201d, autoarea, conf. dr. Ileana Mih\u0103il\u0103, reune\u0219te 17 studii \u0219i articole, cele mai multe publicate, \u00eentre 1984 \u0219i 2009, \u00een volumele unor colocvii na\u021bionale sau interna\u021bionale. Este vorba de studii \u0219i articole consacrate fie analizei unor aspecte din opere literare, fie unor scriitori francezi de prim rang, fie unor curente majore [&hellip;]<\/p>\n","protected":false},"featured_media":10977,"comment_status":"open","ping_status":"closed","template":"","meta":[],"product_brand":[],"product_cat":[856],"product_tag":[877,919],"class_list":{"0":"post-1893","1":"product","2":"type-product","3":"status-publish","4":"has-post-thumbnail","6":"product_cat-colectia-lci-limbi-culturi-identitati","7":"product_tag-franceza","8":"product_tag-literatura","10":"first","11":"outofstock","12":"shipping-taxable","13":"purchasable","14":"product-type-simple"},"_links":{"self":[{"href":"https:\/\/editura-unibuc.ro\/en\/wp-json\/wp\/v2\/product\/1893","targetHints":{"allow":["GET"]}}],"collection":[{"href":"https:\/\/editura-unibuc.ro\/en\/wp-json\/wp\/v2\/product"}],"about":[{"href":"https:\/\/editura-unibuc.ro\/en\/wp-json\/wp\/v2\/types\/product"}],"replies":[{"embeddable":true,"href":"https:\/\/editura-unibuc.ro\/en\/wp-json\/wp\/v2\/comments?post=1893"}],"wp:featuredmedia":[{"embeddable":true,"href":"https:\/\/editura-unibuc.ro\/en\/wp-json\/wp\/v2\/media\/10977"}],"wp:attachment":[{"href":"https:\/\/editura-unibuc.ro\/en\/wp-json\/wp\/v2\/media?parent=1893"}],"wp:term":[{"taxonomy":"product_brand","embeddable":true,"href":"https:\/\/editura-unibuc.ro\/en\/wp-json\/wp\/v2\/product_brand?post=1893"},{"taxonomy":"product_cat","embeddable":true,"href":"https:\/\/editura-unibuc.ro\/en\/wp-json\/wp\/v2\/product_cat?post=1893"},{"taxonomy":"product_tag","embeddable":true,"href":"https:\/\/editura-unibuc.ro\/en\/wp-json\/wp\/v2\/product_tag?post=1893"}],"curies":[{"name":"wp","href":"https:\/\/api.w.org\/{rel}","templated":true}]}}