{"id":21913,"date":"2018-03-21T22:40:23","date_gmt":"2018-03-21T20:40:23","guid":{"rendered":"https:\/\/editura-unibuc.ro\/?post_type=product&#038;p=21913"},"modified":"2019-07-18T13:29:38","modified_gmt":"2019-07-18T10:29:38","slug":"studii-in-hermeneutica-pre-judicativa-si-meontologie-vol-2","status":"publish","type":"product","link":"https:\/\/editura-unibuc.ro\/en\/studii-in-hermeneutica-pre-judicativa-si-meontologie-vol-2\/","title":{"rendered":"STUDIES IN THE PRE-JUDICATIVE HERMENEUTICS AND MEONTOLOGY, VOL. 2"},"content":{"rendered":"<p>Studii \u00een hermeneutica pre-judicativ\u0103 \u0219i meontologie\u201d, ajuns\u0103 la cel de-al doilea volum, este singura publica\u021bie din Rom\u00e2nia dedicat\u0103 \u00een exclusivitate domeniilor de studiu ale hermeneuticii pre-judicative \u0219i meontologiei. Volumul de fa\u021b\u0103 adun\u0103 \u00eentre acelea\u0219i coperte patru studii f\u0103cute de cercet\u0103tori activi \u00een domeniile lor de specialitate \u0219i abordeaz\u0103 teme diverse \u0219i de interes pentru cercetarea filosofic\u0103 contemporan\u0103, de la ideea hermeneutic\u0103 afectiv\u0103 \u0219i de diferen\u021b\u0103 meontologic\u0103, p\u00e2n\u0103 la analiza temporalit\u0103\u021bii experien\u021bei non-judicative \u0219i a conceptului de negativitate \u00een g\u00e2ndirea lui Edmund Husserl. <\/p>\n","protected":false},"excerpt":{"rendered":"<p>Studii \u00een hermeneutica pre-judicativ\u0103 \u0219i meontologie\u201d, ajuns\u0103 la cel de-al doilea volum, este singura publica\u021bie din Rom\u00e2nia dedicat\u0103 \u00een exclusivitate domeniilor de studiu ale hermeneuticii pre-judicative \u0219i meontologiei. Volumul de fa\u021b\u0103 adun\u0103 \u00eentre acelea\u0219i coperte patru studii f\u0103cute de cercet\u0103tori activi \u00een domeniile lor de specialitate \u0219i abordeaz\u0103 teme diverse \u0219i de interes pentru cercetarea [&hellip;]<\/p>\n","protected":false},"featured_media":21914,"comment_status":"open","ping_status":"closed","template":"","meta":[],"product_brand":[],"product_cat":[991,994],"product_tag":[2960,2961,2962,2963],"class_list":{"0":"post-21913","1":"product","2":"type-product","3":"status-publish","4":"has-post-thumbnail","6":"product_cat-stiinte-sociale","7":"product_cat-filosofie","8":"product_tag-experienta-nonjudicativa","9":"product_tag-fiinta-omului","10":"product_tag-negativitate","11":"product_tag-neutralitate","13":"first","14":"instock","15":"shipping-taxable","16":"purchasable","17":"product-type-simple"},"_links":{"self":[{"href":"https:\/\/editura-unibuc.ro\/en\/wp-json\/wp\/v2\/product\/21913","targetHints":{"allow":["GET"]}}],"collection":[{"href":"https:\/\/editura-unibuc.ro\/en\/wp-json\/wp\/v2\/product"}],"about":[{"href":"https:\/\/editura-unibuc.ro\/en\/wp-json\/wp\/v2\/types\/product"}],"replies":[{"embeddable":true,"href":"https:\/\/editura-unibuc.ro\/en\/wp-json\/wp\/v2\/comments?post=21913"}],"wp:featuredmedia":[{"embeddable":true,"href":"https:\/\/editura-unibuc.ro\/en\/wp-json\/wp\/v2\/media\/21914"}],"wp:attachment":[{"href":"https:\/\/editura-unibuc.ro\/en\/wp-json\/wp\/v2\/media?parent=21913"}],"wp:term":[{"taxonomy":"product_brand","embeddable":true,"href":"https:\/\/editura-unibuc.ro\/en\/wp-json\/wp\/v2\/product_brand?post=21913"},{"taxonomy":"product_cat","embeddable":true,"href":"https:\/\/editura-unibuc.ro\/en\/wp-json\/wp\/v2\/product_cat?post=21913"},{"taxonomy":"product_tag","embeddable":true,"href":"https:\/\/editura-unibuc.ro\/en\/wp-json\/wp\/v2\/product_tag?post=21913"}],"curies":[{"name":"wp","href":"https:\/\/api.w.org\/{rel}","templated":true}]}}