{"id":2640,"date":"2012-09-28T11:41:00","date_gmt":"2012-09-28T08:41:00","guid":{"rendered":"https:\/\/editura-unibuc.ro\/?p=2640"},"modified":"2024-05-13T12:33:48","modified_gmt":"2024-05-13T09:33:48","slug":"la-litterature-francaise-de-la-renaissance-histoire-litteraire-et-choix-de-textes","status":"publish","type":"product","link":"https:\/\/editura-unibuc.ro\/en\/la-litterature-francaise-de-la-renaissance-histoire-litteraire-et-choix-de-textes\/","title":{"rendered":"RENAISSANCE FRENCH LITERATURE. LITERARY HISTORY AND TEXTS SELECTION"},"content":{"rendered":"<p>La Renaissance du XVI<sup>e <\/sup>si\u00e8cle n\u2019est pas la premi\u00e8re p\u00e9riode de renouveau de la litt\u00e9rature et des arts qu\u2019ait connue l\u2019espace culturel fran\u00e7ais. En effet, le Moyen \u00c2ge, dont on veut distinguer nettement la Renaissance, mais auquel elle est redevable \u00e0 plus d\u2019un \u00e9gard, n\u2019a pas \u00e9t\u00e9 \u00e9tranger \u00e0 un tel enthousiasme cr\u00e9ateur si l\u2019on pense au VIII<sup>e<\/sup> si\u00e8cle, plus pr\u00e9cis\u00e9ment au r\u00e8gne de Charlemagne, \u00e9poque d\u00e9sign\u00e9e souvent par les historiens comme \u00abrenaissance carolingienne\u00bb, ou encore \u00e0 l\u2019apog\u00e9e du Moyen \u00c2ge, les XII<sup>e<\/sup>-XIII<sup>e<\/sup> si\u00e8cles, qui ont vu rena\u00eetre la culture et les arts, l\u2019architecture notamment. Dans ces conditions, il convient de d\u00e9finir la Renaissance fran\u00e7aise du XVI<sup>e<\/sup> si\u00e8cle dans ce qu\u2019elle a de plus sp\u00e9cifique afin de la d\u00e9tacher des renaissances enregistr\u00e9es par la culture m\u00e9di\u00e9vale.<\/p>\n","protected":false},"excerpt":{"rendered":"<p>La Renaissance du XVIe si\u00e8cle n\u2019est pas la premi\u00e8re p\u00e9riode de renouveau de la litt\u00e9rature et des arts qu\u2019ait connue l\u2019espace culturel fran\u00e7ais. En effet, le Moyen \u00c2ge, dont on veut distinguer nettement la Renaissance, mais auquel elle est redevable \u00e0 plus d\u2019un \u00e9gard, n\u2019a pas \u00e9t\u00e9 \u00e9tranger \u00e0 un tel enthousiasme cr\u00e9ateur si l\u2019on [&hellip;]<\/p>\n","protected":false},"featured_media":10632,"comment_status":"open","ping_status":"closed","template":"","meta":[],"product_brand":[],"product_cat":[1464,977],"product_tag":[877,919,1343],"class_list":{"0":"post-2640","1":"product","2":"type-product","3":"status-publish","4":"has-post-thumbnail","6":"product_cat-filologie","7":"product_cat-limba-franceza","8":"product_tag-franceza","9":"product_tag-literatura","10":"product_tag-renastere","12":"first","13":"outofstock","14":"shipping-taxable","15":"purchasable","16":"product-type-simple"},"_links":{"self":[{"href":"https:\/\/editura-unibuc.ro\/en\/wp-json\/wp\/v2\/product\/2640","targetHints":{"allow":["GET"]}}],"collection":[{"href":"https:\/\/editura-unibuc.ro\/en\/wp-json\/wp\/v2\/product"}],"about":[{"href":"https:\/\/editura-unibuc.ro\/en\/wp-json\/wp\/v2\/types\/product"}],"replies":[{"embeddable":true,"href":"https:\/\/editura-unibuc.ro\/en\/wp-json\/wp\/v2\/comments?post=2640"}],"wp:featuredmedia":[{"embeddable":true,"href":"https:\/\/editura-unibuc.ro\/en\/wp-json\/wp\/v2\/media\/10632"}],"wp:attachment":[{"href":"https:\/\/editura-unibuc.ro\/en\/wp-json\/wp\/v2\/media?parent=2640"}],"wp:term":[{"taxonomy":"product_brand","embeddable":true,"href":"https:\/\/editura-unibuc.ro\/en\/wp-json\/wp\/v2\/product_brand?post=2640"},{"taxonomy":"product_cat","embeddable":true,"href":"https:\/\/editura-unibuc.ro\/en\/wp-json\/wp\/v2\/product_cat?post=2640"},{"taxonomy":"product_tag","embeddable":true,"href":"https:\/\/editura-unibuc.ro\/en\/wp-json\/wp\/v2\/product_tag?post=2640"}],"curies":[{"name":"wp","href":"https:\/\/api.w.org\/{rel}","templated":true}]}}