{"id":2737,"date":"2012-10-03T13:56:38","date_gmt":"2012-10-03T10:56:38","guid":{"rendered":"https:\/\/editura-unibuc.ro\/?p=2737"},"modified":"2025-03-13T12:25:21","modified_gmt":"2025-03-13T10:25:21","slug":"romanoslavica-serie-noua-vol-xlvii-nr-2","status":"publish","type":"product","link":"https:\/\/editura-unibuc.ro\/en\/romanoslavica-serie-noua-vol-xlvii-nr-2\/","title":{"rendered":"ROMANOSLAVICA New Series, vol. XLVII, no. 2"},"content":{"rendered":"<p>Prezentul num\u0103r din \u201eRomanoslavica\u201d se deschide cu un omagiu adus profesorului Mihai Mitu care aniverseaz\u0103 \u201e75 de ani de via\u021b\u0103 \u0219i peste cinci decenii de sus\u021binut\u0103 activitate didactic\u0103 \u0219i \u0219tiin\u021bific\u0103 \u00een domeniul slavisticii, al filologiei slavo-rom\u00e2ne \u0219i al polonisticii\u201d. \u00cen continuare, volumul adun\u0103 \u00een paginile sale studii privind, printre altele, omonimia la nivelul terminologiei geografice populare, demersul comparat asupra literaturilor slave, nume laice \u00een documentele de cancelarie muntene\u0219ti, Receptarea ceh\u0103 a lui Mircea Eliade \u00een condi\u021biile hiatului comunist. La rubrica \u201eCronici\u201d, Ciprian Ni\u021bi\u0219or semneaz\u0103 textul \u201e\u00cengropa\u021bi-m\u0103 pe dup\u0103 plint\u0103\u201d.<\/p>","protected":false},"excerpt":{"rendered":"<p>Prezentul num\u0103r din \u201eRomanoslavica\u201d se deschide cu un omagiu adus profesorului Mihai Mitu care aniverseaz\u0103 \u201e75 de ani de via\u021b\u0103 \u0219i peste cinci decenii de sus\u021binut\u0103 activitate didactic\u0103 \u0219i \u0219tiin\u021bific\u0103 \u00een domeniul slavisticii, al filologiei slavo-rom\u00e2ne \u0219i al polonisticii\u201d. \u00cen continuare, volumul adun\u0103 \u00een paginile sale studii privind, printre altele, omonimia la nivelul terminologiei geografice [&hellip;]<\/p>\n","protected":false},"featured_media":10457,"comment_status":"open","ping_status":"closed","template":"","meta":[],"product_brand":[],"product_cat":[3823,1464,981,1469],"product_tag":[925,922],"class_list":{"0":"post-2737","1":"product","2":"type-product","3":"status-publish","4":"has-post-thumbnail","6":"product_cat-stiinte-umane","7":"product_cat-filologie","8":"product_cat-limbi-slave","9":"product_cat-periodice","10":"product_tag-romana","11":"product_tag-slave","13":"first","14":"instock","15":"shipping-taxable","16":"purchasable","17":"product-type-simple"},"_links":{"self":[{"href":"https:\/\/editura-unibuc.ro\/en\/wp-json\/wp\/v2\/product\/2737","targetHints":{"allow":["GET"]}}],"collection":[{"href":"https:\/\/editura-unibuc.ro\/en\/wp-json\/wp\/v2\/product"}],"about":[{"href":"https:\/\/editura-unibuc.ro\/en\/wp-json\/wp\/v2\/types\/product"}],"replies":[{"embeddable":true,"href":"https:\/\/editura-unibuc.ro\/en\/wp-json\/wp\/v2\/comments?post=2737"}],"wp:featuredmedia":[{"embeddable":true,"href":"https:\/\/editura-unibuc.ro\/en\/wp-json\/wp\/v2\/media\/10457"}],"wp:attachment":[{"href":"https:\/\/editura-unibuc.ro\/en\/wp-json\/wp\/v2\/media?parent=2737"}],"wp:term":[{"taxonomy":"product_brand","embeddable":true,"href":"https:\/\/editura-unibuc.ro\/en\/wp-json\/wp\/v2\/product_brand?post=2737"},{"taxonomy":"product_cat","embeddable":true,"href":"https:\/\/editura-unibuc.ro\/en\/wp-json\/wp\/v2\/product_cat?post=2737"},{"taxonomy":"product_tag","embeddable":true,"href":"https:\/\/editura-unibuc.ro\/en\/wp-json\/wp\/v2\/product_tag?post=2737"}],"curies":[{"name":"wp","href":"https:\/\/api.w.org\/{rel}","templated":true}]}}