{"id":2776,"date":"2012-10-04T11:26:15","date_gmt":"2012-10-04T09:26:15","guid":{"rendered":"https:\/\/editura-unibuc.ro\/?p=2776"},"modified":"2025-03-13T12:24:07","modified_gmt":"2025-03-13T10:24:07","slug":"romanoslavica-serie-noua-vol-xlvi-nr-2","status":"publish","type":"product","link":"https:\/\/editura-unibuc.ro\/en\/romanoslavica-serie-noua-vol-xlvi-nr-2\/","title":{"rendered":"ROMANOSLAVICA. NEW SERIES, VOL. XLVI, No. 2"},"content":{"rendered":"<p>Culegerea cu nr.2, editat\u0103 de Asocia\u021bia Slavi\u0219tilor din Rom\u00e2nia, g\u0103zduie\u0219te \u00een paginile sale studiile despre Literatur\u0103 prezentate la sesiunea \u0219tiin\u021bific\u0103 interna\u021bional\u0103 \u201e60 de ani de la \u00eenfiin\u021barea Catedrei de limbi \u0219i literaturi slave la Universitatea Bucure\u0219ti\u201d. Motivele antice \u00een sonetele lui J\u00e1n Koll\u00e1r, avangarda s\u00e2rbeasc\u0103 \u00eentre istorie \u0219i paradigm\u0103, mituri poloneze \u00een \u201eLilla Weneda\u201d de Juliusz S\u0142owacki, muta\u021biile omului modern \u00een romanul Tatianei Tolstaia \u201eZ\u00e2tul\u201d sunt doar c\u00e2teva dintre temele de interes abordate de cercet\u0103torii \u00een slavistic\u0103.<\/p>","protected":false},"excerpt":{"rendered":"<p>Culegerea cu nr.2, editat\u0103 de Asocia\u021bia Slavi\u0219tilor din Rom\u00e2nia, g\u0103zduie\u0219te \u00een paginile sale studiile despre Literatur\u0103 prezentate la sesiunea \u0219tiin\u021bific\u0103 interna\u021bional\u0103 \u201e60 de ani de la \u00eenfiin\u021barea Catedrei de limbi \u0219i literaturi slave la Universitatea Bucure\u0219ti\u201d. Motivele antice \u00een sonetele lui J\u00e1n Koll\u00e1r, avangarda s\u00e2rbeasc\u0103 \u00eentre istorie \u0219i paradigm\u0103, mituri poloneze \u00een \u201eLilla Weneda\u201d de [&hellip;]<\/p>\n","protected":false},"featured_media":10428,"comment_status":"open","ping_status":"closed","template":"","meta":[],"product_brand":[],"product_cat":[3823,1464,981,1469],"product_tag":[925,922],"class_list":{"0":"post-2776","1":"product","2":"type-product","3":"status-publish","4":"has-post-thumbnail","6":"product_cat-stiinte-umane","7":"product_cat-filologie","8":"product_cat-limbi-slave","9":"product_cat-periodice","10":"product_tag-romana","11":"product_tag-slave","13":"first","14":"instock","15":"shipping-taxable","16":"purchasable","17":"product-type-simple"},"_links":{"self":[{"href":"https:\/\/editura-unibuc.ro\/en\/wp-json\/wp\/v2\/product\/2776","targetHints":{"allow":["GET"]}}],"collection":[{"href":"https:\/\/editura-unibuc.ro\/en\/wp-json\/wp\/v2\/product"}],"about":[{"href":"https:\/\/editura-unibuc.ro\/en\/wp-json\/wp\/v2\/types\/product"}],"replies":[{"embeddable":true,"href":"https:\/\/editura-unibuc.ro\/en\/wp-json\/wp\/v2\/comments?post=2776"}],"wp:featuredmedia":[{"embeddable":true,"href":"https:\/\/editura-unibuc.ro\/en\/wp-json\/wp\/v2\/media\/10428"}],"wp:attachment":[{"href":"https:\/\/editura-unibuc.ro\/en\/wp-json\/wp\/v2\/media?parent=2776"}],"wp:term":[{"taxonomy":"product_brand","embeddable":true,"href":"https:\/\/editura-unibuc.ro\/en\/wp-json\/wp\/v2\/product_brand?post=2776"},{"taxonomy":"product_cat","embeddable":true,"href":"https:\/\/editura-unibuc.ro\/en\/wp-json\/wp\/v2\/product_cat?post=2776"},{"taxonomy":"product_tag","embeddable":true,"href":"https:\/\/editura-unibuc.ro\/en\/wp-json\/wp\/v2\/product_tag?post=2776"}],"curies":[{"name":"wp","href":"https:\/\/api.w.org\/{rel}","templated":true}]}}