{"id":30107,"date":"2021-02-22T12:28:32","date_gmt":"2021-02-22T10:28:32","guid":{"rendered":"https:\/\/editura-unibuc.ro\/?post_type=product&#038;p=30107"},"modified":"2021-02-22T12:53:19","modified_gmt":"2021-02-22T10:53:19","slug":"universitatea-antreprenoriala-tendinte-cristalizari-si-dezvoltari-viitoare","status":"publish","type":"product","link":"https:\/\/editura-unibuc.ro\/en\/universitatea-antreprenoriala-tendinte-cristalizari-si-dezvoltari-viitoare\/","title":{"rendered":"UNIVERSITATEA ANTREPRENORIAL\u0102: TENDIN\u021aE, CRISTALIZ\u0102RI \u0218I DEZVOLT\u0102RI VIITOARE"},"content":{"rendered":"<p>Obiectivul central al lucr\u0103rii de fa\u021b\u0103 este de a urm\u0103ri tendin\u021bele organiza\u021bionale manifestate la nivelul discursului managementului universitar din Rom\u00e2nia. Un alt obiectiv important al lucr\u0103rii este acela de a explora orientarea antreprenorial\u0103 a studen\u021bilor, ca importan\u021bi parteneri ai institu\u021biilor de \u00eenv\u0103\u021b\u0103m\u00e2nt superior \u00een procesul de transformare \u00een direc\u021bia antreprenorial\u0103.<\/p>\n\n\t\t<style type=\"text\/css\">\n\t\t\t#gallery-1 {\n\t\t\t\tmargin: auto;\n\t\t\t}\n\t\t\t#gallery-1 .gallery-item {\n\t\t\t\tfloat: left;\n\t\t\t\tmargin-top: 10px;\n\t\t\t\ttext-align: center;\n\t\t\t\twidth: 20%;\n\t\t\t}\n\t\t\t#gallery-1 img {\n\t\t\t\tborder: 2px solid #cfcfcf;\n\t\t\t}\n\t\t\t#gallery-1 .gallery-caption {\n\t\t\t\tmargin-left: 0;\n\t\t\t}\n\t\t\t\/* see gallery_shortcode() in wp-includes\/media.php *\/\n\t\t<\/style>\n\t\t<div id='gallery-1' class='gallery galleryid-30107 gallery-columns-5 gallery-size-thumbnail'><dl class='gallery-item'>\n\t\t\t<dt class='gallery-icon portrait'>\n\t\t\t\t<a href='https:\/\/editura-unibuc.ro\/wp-content\/uploads\/2021\/02\/introducere-1.jpg' rel=\"lightbox[30107]\"><img loading=\"lazy\" decoding=\"async\" width=\"106\" height=\"150\" src=\"https:\/\/editura-unibuc.ro\/wp-content\/uploads\/2021\/02\/introducere-1-106x150.jpg\" class=\"attachment-thumbnail size-thumbnail\" alt=\"\" \/><\/a>\n\t\t\t<\/dt><\/dl><dl class='gallery-item'>\n\t\t\t<dt class='gallery-icon portrait'>\n\t\t\t\t<a href='https:\/\/editura-unibuc.ro\/wp-content\/uploads\/2021\/02\/introducere-2.jpg' rel=\"lightbox[30107]\"><img loading=\"lazy\" decoding=\"async\" width=\"106\" height=\"150\" src=\"https:\/\/editura-unibuc.ro\/wp-content\/uploads\/2021\/02\/introducere-2-106x150.jpg\" class=\"attachment-thumbnail size-thumbnail\" alt=\"\" \/><\/a>\n\t\t\t<\/dt><\/dl><dl class='gallery-item'>\n\t\t\t<dt class='gallery-icon portrait'>\n\t\t\t\t<a href='https:\/\/editura-unibuc.ro\/wp-content\/uploads\/2021\/02\/introducere-3.jpg' rel=\"lightbox[30107]\"><img loading=\"lazy\" decoding=\"async\" width=\"106\" height=\"150\" src=\"https:\/\/editura-unibuc.ro\/wp-content\/uploads\/2021\/02\/introducere-3-106x150.jpg\" class=\"attachment-thumbnail size-thumbnail\" alt=\"\" \/><\/a>\n\t\t\t<\/dt><\/dl><dl class='gallery-item'>\n\t\t\t<dt class='gallery-icon portrait'>\n\t\t\t\t<a href='https:\/\/editura-unibuc.ro\/wp-content\/uploads\/2021\/02\/introducere-4.jpg' rel=\"lightbox[30107]\"><img loading=\"lazy\" decoding=\"async\" width=\"106\" height=\"150\" src=\"https:\/\/editura-unibuc.ro\/wp-content\/uploads\/2021\/02\/introducere-4-106x150.jpg\" class=\"attachment-thumbnail size-thumbnail\" alt=\"\" \/><\/a>\n\t\t\t<\/dt><\/dl><dl class='gallery-item'>\n\t\t\t<dt class='gallery-icon portrait'>\n\t\t\t\t<a href='https:\/\/editura-unibuc.ro\/wp-content\/uploads\/2021\/02\/introducere-5.jpg' rel=\"lightbox[30107]\"><img loading=\"lazy\" decoding=\"async\" width=\"106\" height=\"150\" src=\"https:\/\/editura-unibuc.ro\/wp-content\/uploads\/2021\/02\/introducere-5-106x150.jpg\" class=\"attachment-thumbnail size-thumbnail\" alt=\"\" \/><\/a>\n\t\t\t<\/dt><\/dl><br style=\"clear: both\" \/>\n\t\t<\/div>\n\n","protected":false},"excerpt":{"rendered":"<p>Obiectivul central al lucr\u0103rii de fa\u021b\u0103 este de a urm\u0103ri tendin\u021bele organiza\u021bionale manifestate la nivelul discursului managementului universitar din Rom\u00e2nia. Un alt obiectiv important al lucr\u0103rii este acela de a explora orientarea antreprenorial\u0103 a studen\u021bilor, ca importan\u021bi parteneri ai institu\u021biilor de \u00eenv\u0103\u021b\u0103m\u00e2nt superior \u00een procesul de transformare \u00een direc\u021bia antreprenorial\u0103.<\/p>\n","protected":false},"featured_media":29877,"comment_status":"open","ping_status":"closed","template":"","meta":[],"product_brand":[],"product_cat":[1531,3479,991,992],"product_tag":[3705,3709,3707,3706,3708],"class_list":{"0":"post-30107","1":"product","2":"type-product","3":"status-publish","4":"has-post-thumbnail","6":"product_cat-colectii","7":"product_cat-business","8":"product_cat-stiinte-sociale","9":"product_cat-administratie-si-afaceri","10":"product_tag-abandonul-scolar","11":"product_tag-analiza-multi-grup","12":"product_tag-autonomia-academica","13":"product_tag-modele-de-universitati","14":"product_tag-orientarea-antreprenoriala-a-studentilor","16":"first","17":"outofstock","18":"shipping-taxable","19":"product-type-simple"},"_links":{"self":[{"href":"https:\/\/editura-unibuc.ro\/en\/wp-json\/wp\/v2\/product\/30107","targetHints":{"allow":["GET"]}}],"collection":[{"href":"https:\/\/editura-unibuc.ro\/en\/wp-json\/wp\/v2\/product"}],"about":[{"href":"https:\/\/editura-unibuc.ro\/en\/wp-json\/wp\/v2\/types\/product"}],"replies":[{"embeddable":true,"href":"https:\/\/editura-unibuc.ro\/en\/wp-json\/wp\/v2\/comments?post=30107"}],"wp:featuredmedia":[{"embeddable":true,"href":"https:\/\/editura-unibuc.ro\/en\/wp-json\/wp\/v2\/media\/29877"}],"wp:attachment":[{"href":"https:\/\/editura-unibuc.ro\/en\/wp-json\/wp\/v2\/media?parent=30107"}],"wp:term":[{"taxonomy":"product_brand","embeddable":true,"href":"https:\/\/editura-unibuc.ro\/en\/wp-json\/wp\/v2\/product_brand?post=30107"},{"taxonomy":"product_cat","embeddable":true,"href":"https:\/\/editura-unibuc.ro\/en\/wp-json\/wp\/v2\/product_cat?post=30107"},{"taxonomy":"product_tag","embeddable":true,"href":"https:\/\/editura-unibuc.ro\/en\/wp-json\/wp\/v2\/product_tag?post=30107"}],"curies":[{"name":"wp","href":"https:\/\/api.w.org\/{rel}","templated":true}]}}