{"id":41946,"date":"2023-11-29T10:47:27","date_gmt":"2023-11-29T08:47:27","guid":{"rendered":"https:\/\/editura-unibuc.ro\/?post_type=product&#038;p=41946"},"modified":"2024-10-04T09:32:00","modified_gmt":"2024-10-04T06:32:00","slug":"lingvistica-sincronica-diacronica-si-tipologica-actele-celui-de-al-xxii-lea-colocviu-international-al-departamentului-de-lingvistica-bucuresti-18%e2%80%9219-noiembrie-2022","status":"publish","type":"product","link":"https:\/\/editura-unibuc.ro\/en\/lingvistica-sincronica-diacronica-si-tipologica-actele-celui-de-al-xxii-lea-colocviu-international-al-departamentului-de-lingvistica-bucuresti-18%e2%80%9219-noiembrie-2022\/","title":{"rendered":"LINGVISTIC\u0102 SINCRONIC\u0102, DIACRONIC\u0102 \u0218I TIPOLOGIC\u0102<BR\/> ACTELE CELUI DE AL XXII-lea COLOCVIU INTERNA\u021aIONAL AL DEPARTAMENTULUI DE LINGVISTIC\u0102 (Bucure\u0219ti, 18\u201219 noiembrie 2022)"},"content":{"rendered":"","protected":false},"excerpt":{"rendered":"<p>\u00cen volumul de fa\u021b\u0103, pe l\u00e2ng\u0103 studiile colegilor de la Universitatea din Bucure\u0219ti, de la Institutul de Lingvistic\u0103 al Academiei Rom\u00e2ne \u201eIorgu Iordan \u2013 Alexandru Rosetti\u201d \u0219i din diverse universit\u0103\u021bi din \u021bar\u0103 (Universitatea \u201eAlexandru Ioan Cuza\u201d din Ia\u0219i; Universitatea \u201eBabe\u0219-Bolyai\u201d din Cluj-Napoca; Universitatea din Craiova; Universitatea \u201eTransilvania\u201d din Bra\u0219ov; Universitatea \u201e1 Decembrie 1918\u201d din Alba Iulia; Universitatea de \u0218tiin\u021be Agronomice \u0219i Medicin\u0103 Veterinar\u0103 din Bucure\u0219ti; Universitatea de Medicin\u0103, Farmacie, \u0218tiin\u021be \u0219i Tehnologie \u201eGeorge Emil Palade\u201d din T\u00e2rgu-Mure\u0219), sunt publicate \u0219i articole ale lingvi\u0219tilor din universit\u0103\u021bi din str\u0103in\u0103tate (Universite\u0301 de Sorbonne; Universite\u0301 Paris 3; Aix-Marseille Universite\u0301; Mu\u2019tah University, din Iordania; Universite\u0301 de Dschang, din Camerun; The English and Foreign Languages University, din Hyderabad, India). De asemenea, printre autori se afl\u0103 \u0219i profesori de la Liceul Bilingv \u201eMiguel de Cervantes\u201d \u0219i Colegiul Na\u021bional \u201eSpiru Haret\u201d, ambele din Bucure\u0219ti. Nu putem dec\u00e2t s\u0103 ne bucur\u0103m c\u0103 aceast\u0103 manifestare lingvistic\u0103 a Literelor bucure\u0219tene, care anul acesta s\u0103rb\u0103toresc 160 de ani existen\u021b\u0103, devine tot mai cunoscut\u0103 \u0219i mai apreciat\u0103, at\u00e2t pe plan intern, c\u00e2t \u0219i interna\u021bional.<br \/>\nVolumul de fa\u021b\u0103 este dedicat memoriei Profesorului Liviu Groza (1957\u20122023), reputat didactician, frazeolog \u0219i lexicolog, a c\u0103rui pasiune pentru limba rom\u00e2n\u0103 se reflect\u0103 \u00een primul r\u00e2nd \u00een contribu\u021biile \u0219tiin\u021bifice publicate \u00een domeniul lexicologiei \u0219i frazeologiei rom\u00e2ne\u0219ti. Printre cele mai importante lucr\u0103ri ale sale pot fi men\u021bionate o serie de volume de referin\u021b\u0103, remarcabile at\u00e2t prin valoarea lor \u0219tiin\u021bific\u0103, c\u00e2t \u0219i prin stil \u0219i manier\u0103 de abordare: Dinamica unit\u0103\u021bilor frazeologice \u00een limba rom\u00e2n\u0103 contemporan\u0103 (2005), Elemente de lexicologie (2004, 2012), Probleme de frazeologie. Studii. Articole. Note (2011), A o \u00eentoarce ca la Revolu\u021bione\u0219ti. Mic dic\u021bionar de expresii, proverbe \u0219i citate\u2026 insolite (2014), De la Ana la Caiafa. Mic dic\u021bionar de expresii biblice (2014), Creativitate \u0219i expresivitate \u00een frazeologia limbii rom\u00e2ne (2017), De pe vremea lui Pazvante. Imagini ale vie\u021bii din trecut \u00een expresii rom\u00e2ne\u0219ti (2022).<\/p>\n","protected":false},"featured_media":42112,"comment_status":"open","ping_status":"closed","template":"","meta":[],"product_brand":[],"product_cat":[3906,3823,1464,1469],"product_tag":[895],"class_list":{"0":"post-41946","1":"product","2":"type-product","3":"status-publish","4":"has-post-thumbnail","6":"product_cat-lucrari-congrese","7":"product_cat-stiinte-umane","8":"product_cat-filologie","9":"product_cat-periodice","10":"product_tag-lingvistica","12":"first","13":"instock","14":"shipping-taxable","15":"purchasable","16":"product-type-simple"},"_links":{"self":[{"href":"https:\/\/editura-unibuc.ro\/en\/wp-json\/wp\/v2\/product\/41946","targetHints":{"allow":["GET"]}}],"collection":[{"href":"https:\/\/editura-unibuc.ro\/en\/wp-json\/wp\/v2\/product"}],"about":[{"href":"https:\/\/editura-unibuc.ro\/en\/wp-json\/wp\/v2\/types\/product"}],"replies":[{"embeddable":true,"href":"https:\/\/editura-unibuc.ro\/en\/wp-json\/wp\/v2\/comments?post=41946"}],"wp:featuredmedia":[{"embeddable":true,"href":"https:\/\/editura-unibuc.ro\/en\/wp-json\/wp\/v2\/media\/42112"}],"wp:attachment":[{"href":"https:\/\/editura-unibuc.ro\/en\/wp-json\/wp\/v2\/media?parent=41946"}],"wp:term":[{"taxonomy":"product_brand","embeddable":true,"href":"https:\/\/editura-unibuc.ro\/en\/wp-json\/wp\/v2\/product_brand?post=41946"},{"taxonomy":"product_cat","embeddable":true,"href":"https:\/\/editura-unibuc.ro\/en\/wp-json\/wp\/v2\/product_cat?post=41946"},{"taxonomy":"product_tag","embeddable":true,"href":"https:\/\/editura-unibuc.ro\/en\/wp-json\/wp\/v2\/product_tag?post=41946"}],"curies":[{"name":"wp","href":"https:\/\/api.w.org\/{rel}","templated":true}]}}