{"id":8744,"date":"2012-09-04T12:33:30","date_gmt":"2012-09-04T09:33:30","guid":{"rendered":"https:\/\/editura-unibuc.ro\/?p=1145"},"modified":"2025-08-07T12:38:10","modified_gmt":"2025-08-07T09:38:10","slug":"text-si-discurs-omagiu-mihaelei-mancas","status":"publish","type":"product","link":"https:\/\/editura-unibuc.ro\/en\/text-si-discurs-omagiu-mihaelei-mancas\/","title":{"rendered":"TEXT AND DISCOURSE. A HOMAGE TO MIHAELA MANCA\u0218"},"content":{"rendered":"<p>Volumul Text \u0219i discurs. Omagiu Mihaelei Manca\u0219 cuprinde 57 de studii care omagiaz\u0103 activitatea \u0219tiin\u021bific\u0103 a Mihaelei Manca\u0219, reunind contribu\u021bii din domenii diverse: lingvistica textului, pragmatic\u0103, retoric\u0103, stilistic\u0103, poetic\u0103, teorie literar\u0103, sintax\u0103, lexic, teoria limbajului \u0219.a. Studiile, scrise \u00een limba rom\u00e2n\u0103 sau \u00een limbi de circula\u021bie interna\u021bional\u0103, apar\u021bin unor reputa\u021bi profesori din universit\u0103\u021bi rom\u00e2ne\u0219ti \u0219i str\u0103ine, academicieni, cercet\u0103tori din Institutele Academiei Rom\u00e2ne, doctoranzi \u00een filologie. Prin abord\u0103rile interdisciplinare pe care le propune, cartea se adreseaz\u0103 unui public variat, mai cu seam\u0103 speciali\u0219tilor din domeniul filologic, doctoranzilor \u0219i studen\u021bilor, profesorilor de limba \u0219i literatura rom\u00e2n\u0103, tuturor celor interesa\u021bi de analiza, din perspective actuale, a textelor artistice sau nonartistice.<\/p>","protected":false},"excerpt":{"rendered":"<p>Volumul Text \u0219i discurs. Omagiu Mihaelei Manca\u0219 cuprinde 57 de studii care omagiaz\u0103 activitatea \u0219tiin\u021bific\u0103 a Mihaelei Manca\u0219, reunind contribu\u021bii din domenii diverse: lingvistica textului, pragmatic\u0103, retoric\u0103, stilistic\u0103, poetic\u0103, teorie literar\u0103, sintax\u0103, lexic, teoria limbajului \u0219.a. Studiile, scrise \u00een limba rom\u00e2n\u0103 sau \u00een limbi de circula\u021bie interna\u021bional\u0103, apar\u021bin unor reputa\u021bi profesori din universit\u0103\u021bi rom\u00e2ne\u0219ti \u0219i [&hellip;]<\/p>\n","protected":false},"featured_media":9896,"comment_status":"open","ping_status":"closed","template":"","meta":[],"product_brand":[],"product_cat":[1531,2509,1464,979],"product_tag":[952,925,953],"class_list":{"0":"post-8744","1":"product","2":"type-product","3":"status-publish","4":"has-post-thumbnail","6":"product_cat-colectii","7":"product_cat-personalitati-ale-universitatii-din-bucuresti","8":"product_cat-filologie","9":"product_cat-limba-romana","10":"product_tag-discurs","11":"product_tag-romana","12":"product_tag-text","14":"first","15":"outofstock","16":"shipping-taxable","17":"purchasable","18":"product-type-simple"},"_links":{"self":[{"href":"https:\/\/editura-unibuc.ro\/en\/wp-json\/wp\/v2\/product\/8744","targetHints":{"allow":["GET"]}}],"collection":[{"href":"https:\/\/editura-unibuc.ro\/en\/wp-json\/wp\/v2\/product"}],"about":[{"href":"https:\/\/editura-unibuc.ro\/en\/wp-json\/wp\/v2\/types\/product"}],"replies":[{"embeddable":true,"href":"https:\/\/editura-unibuc.ro\/en\/wp-json\/wp\/v2\/comments?post=8744"}],"wp:featuredmedia":[{"embeddable":true,"href":"https:\/\/editura-unibuc.ro\/en\/wp-json\/wp\/v2\/media\/9896"}],"wp:attachment":[{"href":"https:\/\/editura-unibuc.ro\/en\/wp-json\/wp\/v2\/media?parent=8744"}],"wp:term":[{"taxonomy":"product_brand","embeddable":true,"href":"https:\/\/editura-unibuc.ro\/en\/wp-json\/wp\/v2\/product_brand?post=8744"},{"taxonomy":"product_cat","embeddable":true,"href":"https:\/\/editura-unibuc.ro\/en\/wp-json\/wp\/v2\/product_cat?post=8744"},{"taxonomy":"product_tag","embeddable":true,"href":"https:\/\/editura-unibuc.ro\/en\/wp-json\/wp\/v2\/product_tag?post=8744"}],"curies":[{"name":"wp","href":"https:\/\/api.w.org\/{rel}","templated":true}]}}