{"id":892,"date":"2012-08-29T14:23:56","date_gmt":"2012-08-29T11:23:56","guid":{"rendered":"https:\/\/editura-unibuc.ro\/?p=892"},"modified":"2016-06-17T10:10:21","modified_gmt":"2016-06-17T07:10:21","slug":"gramatica-catalana","status":"publish","type":"product","link":"https:\/\/editura-unibuc.ro\/en\/gramatica-catalana\/","title":{"rendered":"CATALAN GRAMMAR"},"content":{"rendered":"<p>Studiul limbii catalane la Universitatea din Bucure\u0219ti are deja o tradi\u021bie de c\u00e2teva decenii. De la statutul de limb\u0103 facultativ\u0103 din anii \u201970, catalana a ajuns s\u0103 fac\u0103 parte dintre specializ\u0103rile filologice oferite de Universitatea din Bucure\u0219ti. S-au creat astfel condi\u021bii pentru formarea de cercet\u0103tori \u0219i de traduc\u0103tori, de manageri culturali, referen\u021bi de specialitate etc., pentru aria de limb\u0103, literatur\u0103, cultur\u0103 \u0219i civiliza\u021bie catalan\u0103. Cu timpul, interesul pentru spa\u021biul catalan, pentru patrimoniul s\u0103u artistic s-a tot extins, iar studierea limbii catalane are acum, la Facultatea de Limbi \u0219i Literaturi Str\u0103ine, o sus\u021binere academic\u0103. Aceast\u0103 lucrare, \u00eens\u0103, nu se poate compara cu o gramatic\u0103 ce se adreseaz\u0103 vorbitorilor nativi de limb\u0103 catalan\u0103, deoarece nu sunt abordate aspectele care, \u00een gramaticile catalane, fac obiectul unor \u00eendelungi discu\u021bii \u0219i al unor interpret\u0103ri controversate. (Joan LLIN\u00c0S SUAU)<\/p>\n","protected":false},"excerpt":{"rendered":"<p>Studiul limbii catalane la Universitatea din Bucure\u0219ti are deja o tradi\u021bie de c\u00e2teva decenii. De la statutul de limb\u0103 facultativ\u0103 din anii \u201970, catalana a ajuns s\u0103 fac\u0103 parte dintre specializ\u0103rile filologice oferite de Universitatea din Bucure\u0219ti. S-au creat astfel condi\u021bii pentru formarea de cercet\u0103tori \u0219i de traduc\u0103tori, de manageri culturali, referen\u021bi de specialitate etc., [&hellip;]<\/p>\n","protected":false},"featured_media":10576,"comment_status":"closed","ping_status":"closed","template":"","meta":[],"product_brand":[],"product_cat":[858,1464,980],"product_tag":[939,933],"class_list":{"0":"post-892","1":"product","2":"type-product","3":"status-publish","4":"has-post-thumbnail","6":"product_cat-colectia-romanica","7":"product_cat-filologie","8":"product_cat-limbi-romanice-clasice-si-orientale","9":"product_tag-catalana","10":"product_tag-gramatica","12":"first","13":"outofstock","14":"shipping-taxable","15":"purchasable","16":"product-type-simple"},"_links":{"self":[{"href":"https:\/\/editura-unibuc.ro\/en\/wp-json\/wp\/v2\/product\/892","targetHints":{"allow":["GET"]}}],"collection":[{"href":"https:\/\/editura-unibuc.ro\/en\/wp-json\/wp\/v2\/product"}],"about":[{"href":"https:\/\/editura-unibuc.ro\/en\/wp-json\/wp\/v2\/types\/product"}],"replies":[{"embeddable":true,"href":"https:\/\/editura-unibuc.ro\/en\/wp-json\/wp\/v2\/comments?post=892"}],"wp:featuredmedia":[{"embeddable":true,"href":"https:\/\/editura-unibuc.ro\/en\/wp-json\/wp\/v2\/media\/10576"}],"wp:attachment":[{"href":"https:\/\/editura-unibuc.ro\/en\/wp-json\/wp\/v2\/media?parent=892"}],"wp:term":[{"taxonomy":"product_brand","embeddable":true,"href":"https:\/\/editura-unibuc.ro\/en\/wp-json\/wp\/v2\/product_brand?post=892"},{"taxonomy":"product_cat","embeddable":true,"href":"https:\/\/editura-unibuc.ro\/en\/wp-json\/wp\/v2\/product_cat?post=892"},{"taxonomy":"product_tag","embeddable":true,"href":"https:\/\/editura-unibuc.ro\/en\/wp-json\/wp\/v2\/product_tag?post=892"}],"curies":[{"name":"wp","href":"https:\/\/api.w.org\/{rel}","templated":true}]}}